{"id":10574,"date":"2023-07-19T11:43:59","date_gmt":"2023-07-19T11:43:59","guid":{"rendered":"https:\/\/sinteza.ro\/firmengeschichte\/"},"modified":"2023-09-18T14:04:40","modified_gmt":"2023-09-18T14:04:40","slug":"firmengeschichte","status":"publish","type":"page","link":"https:\/\/sinteza.ro\/de\/firmengeschichte\/","title":{"rendered":"Firmengeschichte"},"content":{"rendered":"\t\t<div data-elementor-type=\"wp-page\" data-elementor-id=\"10574\" class=\"elementor elementor-10574 elementor-8072\">\n\t\t\t\t\t\t\t\t\t<section class=\"elementor-section elementor-top-section elementor-element elementor-element-a622568 elementor-section-boxed elementor-section-height-default elementor-section-height-default\" data-id=\"a622568\" data-element_type=\"section\">\n\t\t\t\t\t\t<div class=\"elementor-container elementor-column-gap-default\">\n\t\t\t\t\t<div class=\"elementor-column elementor-col-100 elementor-top-column elementor-element elementor-element-e124464\" data-id=\"e124464\" data-element_type=\"column\">\n\t\t\t<div class=\"elementor-widget-wrap elementor-element-populated\">\n\t\t\t\t\t\t\t\t<div class=\"elementor-element elementor-element-f02d136 elementor-widget elementor-widget-timeline-widget-addon\" data-id=\"f02d136\" data-element_type=\"widget\" data-widget_type=\"timeline-widget-addon.default\">\n\t\t\t\t<div class=\"elementor-widget-container\">\n\t\t\t<!-- ========= Timeline Widget  Addon For Elementor 1.4.4 ========= -->\r\n<div id=\"twae-wrapper-f02d136\" class=\"twae-wrapper twae-horizontal-timeline\">\r\n<div class=\"twae-wrapper-inside\">\r\n <div id=\"twae-slider-container-f02d136\" data-dir=\"\" data-slidestoshow=\"3\" data-autoplay=\"false\" class=\"twae-slider-container swiper-container\">\r\n <div  class=\"twae-slider-wrapper swiper-wrapper auto-height\"><div  id=\"twae-article-cf3c31b\" class=\"twae-repeater-item twae-story swiper-slide twae-story-icon twae-position-40-minus\"><div class=\"twae-story-line\"><\/div><div class=\"twae-labels\">\r\n                       <div class=\"twae-label-big\">1905<\/div>\r\n                     <\/div><div class=\"twae-arrow\"><\/div><div class=\"twae-icon\"><i aria-hidden=\"true\" class=\"far fa-clock\"><\/i><\/div><div class=\"twae-content\"><div class=\"twae-media full\"><img loading=\"lazy\" decoding=\"async\" width=\"314\" height=\"210\" src=\"https:\/\/sinteza.ro\/wp-content\/uploads\/2023\/07\/1905-6.jpg\" class=\"attachment-full size-full\" alt=\"\" srcset=\"https:\/\/sinteza.ro\/wp-content\/uploads\/2023\/07\/1905-6.jpg 314w, https:\/\/sinteza.ro\/wp-content\/uploads\/2023\/07\/1905-6-300x201.jpg 300w\" sizes=\"(max-width: 314px) 100vw, 314px\" \/><\/div><div class=\"twae-title\"><\/div>\r\n                    <div class=\"twae-description\">Die Fabrik f\u00fcr organische Chemikalien AURORA wurde gegr\u00fcndet.<\/div>                        \r\n                <\/div>\r\n        <\/div><div  id=\"twae-article-905cb5e\" class=\"twae-repeater-item twae-story swiper-slide twae-story-icon twae-position-40-minus\"><div class=\"twae-story-line\"><\/div><div class=\"twae-labels\">\r\n                       <div class=\"twae-label-big\">1922<\/div>\r\n                     <\/div><div class=\"twae-arrow\"><\/div><div class=\"twae-icon\"><i aria-hidden=\"true\" class=\"far fa-clock\"><\/i><\/div><div class=\"twae-content\"><div class=\"twae-media full\"><img loading=\"lazy\" decoding=\"async\" width=\"314\" height=\"210\" src=\"https:\/\/sinteza.ro\/wp-content\/uploads\/2023\/07\/1922-6.jpg\" class=\"attachment-full size-full\" alt=\"\" srcset=\"https:\/\/sinteza.ro\/wp-content\/uploads\/2023\/07\/1922-6.jpg 314w, https:\/\/sinteza.ro\/wp-content\/uploads\/2023\/07\/1922-6-300x201.jpg 300w\" sizes=\"(max-width: 314px) 100vw, 314px\" \/><\/div><div class=\"twae-title\"><\/div>\r\n                    <div class=\"twae-description\">Das chemisch-pharmazeutische Unternehmen VESTA wurde gegr\u00fcndet.<\/div>                        \r\n                <\/div>\r\n        <\/div><div  id=\"twae-article-1f074d9\" class=\"twae-repeater-item twae-story swiper-slide twae-story-icon twae-position-40-minus\"><div class=\"twae-story-line\"><\/div><div class=\"twae-labels\">\r\n                       <div class=\"twae-label-big\">1923<\/div>\r\n                     <\/div><div class=\"twae-arrow\"><\/div><div class=\"twae-icon\"><i aria-hidden=\"true\" class=\"far fa-clock\"><\/i><\/div><div class=\"twae-content\"><div class=\"twae-media full\"><img loading=\"lazy\" decoding=\"async\" width=\"314\" height=\"210\" src=\"https:\/\/sinteza.ro\/wp-content\/uploads\/2023\/07\/1923-6.jpg\" class=\"attachment-full size-full\" alt=\"\" srcset=\"https:\/\/sinteza.ro\/wp-content\/uploads\/2023\/07\/1923-6.jpg 314w, https:\/\/sinteza.ro\/wp-content\/uploads\/2023\/07\/1923-6-300x201.jpg 300w\" sizes=\"(max-width: 314px) 100vw, 314px\" \/><\/div><div class=\"twae-title\"><\/div>\r\n                    <div class=\"twae-description\">Das Unternehmen ZANKL &amp; SONS wurde als Filiale von A. ZAHAL SOHNE - FARBENWERKE OD GRAZ (\u00d6sterreich) gegr\u00fcndet.<\/div>                        \r\n                <\/div>\r\n        <\/div><div  id=\"twae-article-4c3c9cb\" class=\"twae-repeater-item twae-story swiper-slide twae-story-icon twae-position-40-minus\"><div class=\"twae-story-line\"><\/div><div class=\"twae-labels\">\r\n                       <div class=\"twae-label-big\">1954<\/div>\r\n                     <\/div><div class=\"twae-arrow\"><\/div><div class=\"twae-icon\"><i aria-hidden=\"true\" class=\"far fa-clock\"><\/i><\/div><div class=\"twae-content\"><div class=\"twae-media full\"><img loading=\"lazy\" decoding=\"async\" width=\"314\" height=\"210\" src=\"https:\/\/sinteza.ro\/wp-content\/uploads\/2023\/07\/1954-6.jpg\" class=\"attachment-full size-full\" alt=\"\" srcset=\"https:\/\/sinteza.ro\/wp-content\/uploads\/2023\/07\/1954-6.jpg 314w, https:\/\/sinteza.ro\/wp-content\/uploads\/2023\/07\/1954-6-300x201.jpg 300w\" sizes=\"(max-width: 314px) 100vw, 314px\" \/><\/div><div class=\"twae-title\"><\/div>\r\n                    <div class=\"twae-description\">Der Staatsbetrieb wurde 1954 gegr\u00fcndet, indem die Fabrik f\u00fcr organische Chemikalien AURORA, das chemisch-pharmazeutische Unternehmen VESTA und das Unternehmen ZANKL &amp; SONS \u00fcbernommen wurden.<\/div>                        \r\n                <\/div>\r\n        <\/div><div  id=\"twae-article-1b9b07c\" class=\"twae-repeater-item twae-story swiper-slide twae-story-icon twae-position-40-minus\"><div class=\"twae-story-line\"><\/div><div class=\"twae-labels\">\r\n                       <div class=\"twae-label-big\">1990<\/div>\r\n                     <\/div><div class=\"twae-arrow\"><\/div><div class=\"twae-icon\"><i aria-hidden=\"true\" class=\"far fa-clock\"><\/i><\/div><div class=\"twae-content\"><div class=\"twae-media full\"><img loading=\"lazy\" decoding=\"async\" width=\"314\" height=\"210\" src=\"https:\/\/sinteza.ro\/wp-content\/uploads\/2023\/07\/1990-6.jpg\" class=\"attachment-full size-full\" alt=\"\" srcset=\"https:\/\/sinteza.ro\/wp-content\/uploads\/2023\/07\/1990-6.jpg 314w, https:\/\/sinteza.ro\/wp-content\/uploads\/2023\/07\/1990-6-300x201.jpg 300w\" sizes=\"(max-width: 314px) 100vw, 314px\" \/><\/div><div class=\"twae-title\"><\/div>\r\n                    <div class=\"twae-description\">Die SINTEZA S.A. wurde durch Regierungsdekret Nr. 1213 \/ 20.11.1990 gegr\u00fcndet, indem das gesamte Verm\u00f6gen des Staatsbetriebs SINTEZA Chemical \u00fcbernommen wurde - einer der ersten Hersteller von Chemikalien in Rum\u00e4nien.<\/div>                        \r\n                <\/div>\r\n        <\/div><div  id=\"twae-article-e1fc44d\" class=\"twae-repeater-item twae-story swiper-slide twae-story-icon twae-position-40-minus\"><div class=\"twae-story-line\"><\/div><div class=\"twae-labels\">\r\n                       <div class=\"twae-label-big\">1997<\/div>\r\n                     <\/div><div class=\"twae-arrow\"><\/div><div class=\"twae-icon\"><i aria-hidden=\"true\" class=\"far fa-clock\"><\/i><\/div><div class=\"twae-content\"><div class=\"twae-media full\"><img loading=\"lazy\" decoding=\"async\" width=\"314\" height=\"210\" src=\"https:\/\/sinteza.ro\/wp-content\/uploads\/2023\/07\/1997-9.jpg\" class=\"attachment-full size-full\" alt=\"\" srcset=\"https:\/\/sinteza.ro\/wp-content\/uploads\/2023\/07\/1997-9.jpg 314w, https:\/\/sinteza.ro\/wp-content\/uploads\/2023\/07\/1997-9-300x201.jpg 300w\" sizes=\"(max-width: 314px) 100vw, 314px\" \/><\/div><div class=\"twae-title\"><\/div>\r\n                    <div class=\"twae-description\"><p>Die Aktien von SINTEZA S.A. sind an der B\u00f6rse in Bukarest unter dem Symbol STZ gelistet.<\/p>\n<p><a href=\"https:\/\/www.bvb.ro\/FinancialInstruments\/Details\/FinancialInstrumentsDetails.aspx?s=STZ\" target=\"_blank\" rel=\"noopener\"><img loading=\"lazy\" decoding=\"async\" class=\" wp-image-7809 aligncenter\" src=\"https:\/\/sinteza.ro\/wp-content\/uploads\/2022\/10\/BVB_ListedCo_Logo-300x164.png\" alt=\"\" width=\"101\" height=\"55\" srcset=\"https:\/\/sinteza.ro\/wp-content\/uploads\/2022\/10\/BVB_ListedCo_Logo-300x164.png 300w, https:\/\/sinteza.ro\/wp-content\/uploads\/2022\/10\/BVB_ListedCo_Logo.png 350w\" sizes=\"(max-width: 101px) 100vw, 101px\" \/><\/a><\/p><\/div>                        \r\n                <\/div>\r\n        <\/div><div  id=\"twae-article-4a8d181\" class=\"twae-repeater-item twae-story swiper-slide twae-story-icon twae-position-40-minus\"><div class=\"twae-story-line\"><\/div><div class=\"twae-labels\">\r\n                       <div class=\"twae-label-big\">2005<\/div>\r\n                     <\/div><div class=\"twae-arrow\"><\/div><div class=\"twae-icon\"><i aria-hidden=\"true\" class=\"far fa-clock\"><\/i><\/div><div class=\"twae-content\"><div class=\"twae-media full\"><img loading=\"lazy\" decoding=\"async\" width=\"314\" height=\"210\" src=\"https:\/\/sinteza.ro\/wp-content\/uploads\/2023\/08\/2005-11.jpg\" class=\"attachment-full size-full\" alt=\"\" srcset=\"https:\/\/sinteza.ro\/wp-content\/uploads\/2023\/08\/2005-11.jpg 314w, https:\/\/sinteza.ro\/wp-content\/uploads\/2023\/08\/2005-11-300x201.jpg 300w\" sizes=\"(max-width: 314px) 100vw, 314px\" \/><\/div><div class=\"twae-title\"><\/div>\r\n                    <div class=\"twae-description\"><p>Wir feiern 100 jahre t\u00e4tigkeit.<\/p><\/div>                        \r\n                <\/div>\r\n        <\/div><\/div><\/div><\/div> <!-- Add Arrows -->\r\n            <div class=\"twae-button-prev\"><i class=\"fas fa-chevron-left\"><\/i><\/div>\r\n            <div class=\"twae-button-next\"><i class=\"fas fa-chevron-right\"><\/i><\/div>\r\n            <div class=\"twae-h-line\"><\/div>\r\n            <div class=\"twae-line-fill\"><\/div>\r\n<\/div><style type=\"text\/css\"><\/style>\t\t<\/div>\n\t\t\t\t<\/div>\n\t\t\t\t\t<\/div>\n\t\t<\/div>\n\t\t\t\t\t\t\t<\/div>\n\t\t<\/section>\n\t\t\t\t\t\t\t<\/div>\n\t\t","protected":false},"excerpt":{"rendered":"<p>1905 Die Fabrik f\u00fcr organische Chemikalien AURORA wurde gegr\u00fcndet. 1922 Das chemisch-pharmazeutische Unternehmen VESTA wurde gegr\u00fcndet. 1923 Das Unternehmen ZANKL &amp; SONS wurde als Filiale von A. ZAHAL SOHNE &#8211; FARBENWERKE OD GRAZ (\u00d6sterreich) gegr\u00fcndet. 1954 Der Staatsbetrieb wurde 1954 gegr\u00fcndet, indem die Fabrik f\u00fcr organische Chemikalien AURORA, das chemisch-pharmazeutische Unternehmen VESTA und das Unternehmen [&hellip;]<\/p>\n","protected":false},"author":1,"featured_media":0,"parent":0,"menu_order":0,"comment_status":"closed","ping_status":"closed","template":"","meta":{"inline_featured_image":false,"footnotes":""},"class_list":["post-10574","page","type-page","status-publish","hentry"],"_links":{"self":[{"href":"https:\/\/sinteza.ro\/de\/wp-json\/wp\/v2\/pages\/10574"}],"collection":[{"href":"https:\/\/sinteza.ro\/de\/wp-json\/wp\/v2\/pages"}],"about":[{"href":"https:\/\/sinteza.ro\/de\/wp-json\/wp\/v2\/types\/page"}],"author":[{"embeddable":true,"href":"https:\/\/sinteza.ro\/de\/wp-json\/wp\/v2\/users\/1"}],"replies":[{"embeddable":true,"href":"https:\/\/sinteza.ro\/de\/wp-json\/wp\/v2\/comments?post=10574"}],"version-history":[{"count":7,"href":"https:\/\/sinteza.ro\/de\/wp-json\/wp\/v2\/pages\/10574\/revisions"}],"predecessor-version":[{"id":11331,"href":"https:\/\/sinteza.ro\/de\/wp-json\/wp\/v2\/pages\/10574\/revisions\/11331"}],"wp:attachment":[{"href":"https:\/\/sinteza.ro\/de\/wp-json\/wp\/v2\/media?parent=10574"}],"curies":[{"name":"wp","href":"https:\/\/api.w.org\/{rel}","templated":true}]}}